{"id":2096,"date":"2026-05-29T12:39:33","date_gmt":"2026-05-29T11:39:33","guid":{"rendered":"https:\/\/new.steinbeis-sibe.de\/?post_type=erfahrungsbericht&#038;p=2096"},"modified":"2026-09-03T12:13:41","modified_gmt":"2026-09-03T11:13:41","slug":"der-mix-aus-theorie-und-praxis-gibt-einem-die-moglichkeit-sich-sowohl-fachlich-als-auch-personlich-zu-entwickeln","status":"publish","type":"erfahrungsbericht","link":"https:\/\/new.steinbeis-sibe.de\/en\/erfahrungsbericht\/der-mix-aus-theorie-und-praxis-gibt-einem-die-moglichkeit-sich-sowohl-fachlich-als-auch-personlich-zu-entwickeln\/","title":{"rendered":"&#8222;Der Mix aus Theorie und Praxis gibt einem die M\u00f6glichkeit, sich sowohl fachlich als auch pers\u00f6nlich zu entwickeln.&#8220;"},"content":{"rendered":"","protected":false},"excerpt":{"rendered":"<p>Im Gespr\u00e4ch mit SIBE-Student Kjell Wohlenberg &#8211; Projektgebendes Unternehmen w\u00e4hrend des Studiums: Carl Zeiss Meditec AG, Programm: M.Sc. in International Management<\/p>","protected":false},"author":3,"featured_media":0,"menu_order":0,"template":"","format":"standard","meta":{"_acf_changed":true,"site-sidebar-layout":"default","site-content-layout":"","ast-site-content-layout":"default","site-content-style":"default","site-sidebar-style":"default","ast-global-header-display":"","ast-banner-title-visibility":"","ast-main-header-display":"","ast-hfb-above-header-display":"","ast-hfb-below-header-display":"","ast-hfb-mobile-header-display":"","site-post-title":"","ast-breadcrumbs-content":"","ast-featured-img":"","footer-sml-layout":"","ast-disable-related-posts":"","theme-transparent-header-meta":"","adv-header-id-meta":"","stick-header-meta":"","header-above-stick-meta":"","header-main-stick-meta":"","header-below-stick-meta":"","astra-migrate-meta-layouts":"set","ast-page-background-enabled":"default","ast-page-background-meta":{"desktop":{"background-color":"","background-image":"","background-repeat":"repeat","background-position":"center center","background-size":"auto","background-attachment":"scroll","background-type":"","background-media":"","overlay-type":"","overlay-color":"","overlay-opacity":"","overlay-gradient":""},"tablet":{"background-color":"","background-image":"","background-repeat":"repeat","background-position":"center center","background-size":"auto","background-attachment":"scroll","background-type":"","background-media":"","overlay-type":"","overlay-color":"","overlay-opacity":"","overlay-gradient":""},"mobile":{"background-color":"","background-image":"","background-repeat":"repeat","background-position":"center center","background-size":"auto","background-attachment":"scroll","background-type":"","background-media":"","overlay-type":"","overlay-color":"","overlay-opacity":"","overlay-gradient":""}},"ast-content-background-meta":{"desktop":{"background-color":"var(--ast-global-color-4)","background-image":"","background-repeat":"repeat","background-position":"center center","background-size":"auto","background-attachment":"scroll","background-type":"","background-media":"","overlay-type":"","overlay-color":"","overlay-opacity":"","overlay-gradient":""},"tablet":{"background-color":"var(--ast-global-color-4)","background-image":"","background-repeat":"repeat","background-position":"center center","background-size":"auto","background-attachment":"scroll","background-type":"","background-media":"","overlay-type":"","overlay-color":"","overlay-opacity":"","overlay-gradient":""},"mobile":{"background-color":"var(--ast-global-color-4)","background-image":"","background-repeat":"repeat","background-position":"center center","background-size":"auto","background-attachment":"scroll","background-type":"","background-media":"","overlay-type":"","overlay-color":"","overlay-opacity":"","overlay-gradient":""}}},"categorie":[],"class_list":["post-2096","erfahrungsbericht","type-erfahrungsbericht","status-publish","format-standard","hentry"],"acf":{"erfahrungsbericht_subtitle":"","erfahrungsbericht_person":"Kjell Wohlenberg","erfahrungsbericht_kurzbeschreibung":"Im Gespr\u00e4ch mit SIBE-Student Kjell Wohlenberg - Projektgebendes Unternehmen w\u00e4hrend des Studiums: Carl Zeiss Meditec AG, Programm: M.Sc. in International Management","erfahrungsbericht_beschreibung_zur_person":"Kjell Wohlenberg studiert seit November 2019 an der SIBE im M.Sc. in International Management. Im Rahmen seines Projekts arbeitet er als Management Assistant | Supply Chain Projects bei der Carl Zeiss Meditec AG.\r\n\r\n<strong>Erststudium<\/strong>: BWL \/ Spedition und Logistik\r\n<strong>Programm<\/strong>: SIBE-Management-Master\r\n<strong>Kurs<\/strong>: SMM186\r\n<strong>Abschlussjahr<\/strong>: vsl. 2021","erfahrungsbericht_kleines_bild":2097,"erfahrungsbericht_grosser_banner":2097,"erfahrungsbericht_fragen_und_antworten":[{"fragen":"SIBE: Herr Wohlenberg, in welcher Phase Ihres Studiums befinden Sie sich gerade und woran arbeiten Sie?","antworten":"Ich befinde mich gerade auf der Zielgeraden des berufsbegleitenden Masterstudiums (M.Sc. in International Management) der SIBE in Kooperation mit der Carl Zeiss Meditec AG in Berlin. Hier arbeite ich im Projektmanagement der Supply Chain im Bereich der Verbrauchsmaterialien und bin Teilprojektleiter eines Projekts in der Region Asien-Pazifik. Die Kombination aus Projektarbeit im internationalen Umfeld sowie der theoretischen Vermittlung von Wissen im M.Sc. in International Management an der SIBE passt sehr gut zusammen. Dieser Mix aus Theorie und Praxis gibt einem die M\u00f6glichkeit, sich sowohl fachlich als auch pers\u00f6nlich zu entwickeln. Das Studium an der SIBE zeichnet sich durch den Fokus auf das Thema Kompetenzentwicklung aus. In den zwei Jahren des Studiums, hat man die M\u00f6glichkeit durch das regelm\u00e4\u00dfige Einholen von Feedback von seinen Business Mentoren, Arbeitskollegen, Vorgesetzten sowie Kommilitonen seine Potenziale zu verbessern und seine St\u00e4rken weiter auszubauen.\r\nR\u00fcckblickend w\u00fcrde ich mich wieder f\u00fcr ein berufsbegleitendes Studium mit der Carl Zeiss Meditec AG entscheiden, da die M\u00f6glichkeit geboten wird, ein eigenes Projekt in einem global t\u00e4tigen Konzern zu leiten sowie bei anderen Projekten und Aufgaben ma\u00dfgeblich zu unterst\u00fctzen. Zudem st\u00e4rkt man gleichzeitig gezielt seine Kompetenzen f\u00fcr in der Zukunft liegende Herausforderungen."}],"studienprogramm":"SIBE-Management-Master","program":"Alumnus SIBE-Management-Master"},"yoast_head":"<!-- This site is optimized with the Yoast SEO Premium plugin v28.4 (Yoast SEO v28.4) - https:\/\/yoast.com\/product\/yoast-seo-premium-wordpress\/ -->\n<title>&quot;Der Mix aus Theorie und Praxis gibt einem die M\u00f6glichkeit, sich sowohl fachlich als auch pers\u00f6nlich zu entwickeln.&quot; - SIBE<\/title>\n<meta name=\"robots\" content=\"noindex, follow, max-snippet:-1, max-image-preview:large, max-video-preview:-1\" \/>\n<meta property=\"og:locale\" content=\"en_US\" \/>\n<meta property=\"og:type\" content=\"article\" \/>\n<meta property=\"og:title\" content=\"&quot;Der Mix aus Theorie und Praxis gibt einem die M\u00f6glichkeit, sich sowohl fachlich als auch pers\u00f6nlich zu entwickeln.&quot;\" \/>\n<meta property=\"og:description\" content=\"Im Gespr\u00e4ch mit SIBE-Student Kjell Wohlenberg - Projektgebendes Unternehmen w\u00e4hrend des Studiums: Carl Zeiss Meditec AG, Programm: M.Sc. in International Management\" \/>\n<meta property=\"og:url\" content=\"https:\/\/new.steinbeis-sibe.de\/en\/erfahrungsbericht\/der-mix-aus-theorie-und-praxis-gibt-einem-die-moglichkeit-sich-sowohl-fachlich-als-auch-personlich-zu-entwickeln\/\" \/>\n<meta property=\"og:site_name\" content=\"SIBE\" \/>\n<meta property=\"article:modified_time\" content=\"2026-09-03T11:13:41+00:00\" \/>\n<meta name=\"twitter:card\" content=\"summary_large_image\" \/>\n<script type=\"application\/ld+json\" class=\"yoast-schema-graph\">{\"@context\":\"https:\\\/\\\/schema.org\",\"@graph\":[{\"@type\":\"WebPage\",\"@id\":\"https:\\\/\\\/new.steinbeis-sibe.de\\\/erfahrungsbericht\\\/der-mix-aus-theorie-und-praxis-gibt-einem-die-moglichkeit-sich-sowohl-fachlich-als-auch-personlich-zu-entwickeln\\\/\",\"url\":\"https:\\\/\\\/new.steinbeis-sibe.de\\\/erfahrungsbericht\\\/der-mix-aus-theorie-und-praxis-gibt-einem-die-moglichkeit-sich-sowohl-fachlich-als-auch-personlich-zu-entwickeln\\\/\",\"name\":\"\\\"Der Mix aus Theorie und Praxis gibt einem die M\u00f6glichkeit, sich sowohl fachlich als auch pers\u00f6nlich zu entwickeln.\\\" - SIBE\",\"isPartOf\":{\"@id\":\"https:\\\/\\\/new.steinbeis-sibe.de\\\/#website\"},\"datePublished\":\"2026-05-29T11:39:33+00:00\",\"dateModified\":\"2026-09-03T11:13:41+00:00\",\"breadcrumb\":{\"@id\":\"https:\\\/\\\/new.steinbeis-sibe.de\\\/erfahrungsbericht\\\/der-mix-aus-theorie-und-praxis-gibt-einem-die-moglichkeit-sich-sowohl-fachlich-als-auch-personlich-zu-entwickeln\\\/#breadcrumb\"},\"inLanguage\":\"en-US\",\"potentialAction\":[{\"@type\":\"ReadAction\",\"target\":[\"https:\\\/\\\/new.steinbeis-sibe.de\\\/erfahrungsbericht\\\/der-mix-aus-theorie-und-praxis-gibt-einem-die-moglichkeit-sich-sowohl-fachlich-als-auch-personlich-zu-entwickeln\\\/\"]}]},{\"@type\":\"BreadcrumbList\",\"@id\":\"https:\\\/\\\/new.steinbeis-sibe.de\\\/erfahrungsbericht\\\/der-mix-aus-theorie-und-praxis-gibt-einem-die-moglichkeit-sich-sowohl-fachlich-als-auch-personlich-zu-entwickeln\\\/#breadcrumb\",\"itemListElement\":[{\"@type\":\"ListItem\",\"position\":1,\"name\":\"Home\",\"item\":\"https:\\\/\\\/new.steinbeis-sibe.de\\\/\"},{\"@type\":\"ListItem\",\"position\":2,\"name\":\"&#8222;Der Mix aus Theorie und Praxis gibt einem die M\u00f6glichkeit, sich sowohl fachlich als auch pers\u00f6nlich zu entwickeln.&#8220;\"}]},{\"@type\":\"WebSite\",\"@id\":\"https:\\\/\\\/new.steinbeis-sibe.de\\\/#website\",\"url\":\"https:\\\/\\\/new.steinbeis-sibe.de\\\/\",\"name\":\"SIBE Website\",\"description\":\"\",\"publisher\":{\"@id\":\"https:\\\/\\\/new.steinbeis-sibe.de\\\/#organization\"},\"potentialAction\":[{\"@type\":\"SearchAction\",\"target\":{\"@type\":\"EntryPoint\",\"urlTemplate\":\"https:\\\/\\\/new.steinbeis-sibe.de\\\/?s={search_term_string}\"},\"query-input\":{\"@type\":\"PropertyValueSpecification\",\"valueRequired\":true,\"valueName\":\"search_term_string\"}}],\"inLanguage\":\"en-US\"},{\"@type\":\"Organization\",\"@id\":\"https:\\\/\\\/new.steinbeis-sibe.de\\\/#organization\",\"name\":\"SIBE GmbH\",\"url\":\"https:\\\/\\\/new.steinbeis-sibe.de\\\/\",\"logo\":{\"@type\":\"ImageObject\",\"inLanguage\":\"en-US\",\"@id\":\"https:\\\/\\\/new.steinbeis-sibe.de\\\/#\\\/schema\\\/logo\\\/image\\\/\",\"url\":\"https:\\\/\\\/new.steinbeis-sibe.de\\\/wp-content\\\/uploads\\\/2026\\\/03\\\/SIBE_Verbundlogo_2019_schwarz.webp\",\"contentUrl\":\"https:\\\/\\\/new.steinbeis-sibe.de\\\/wp-content\\\/uploads\\\/2026\\\/03\\\/SIBE_Verbundlogo_2019_schwarz.webp\",\"width\":1163,\"height\":243,\"caption\":\"SIBE GmbH\"},\"image\":{\"@id\":\"https:\\\/\\\/new.steinbeis-sibe.de\\\/#\\\/schema\\\/logo\\\/image\\\/\"}}]}<\/script>\n<!-- \/ Yoast SEO Premium plugin. -->","yoast_head_json":{"title":"\"Der Mix aus Theorie und Praxis gibt einem die M\u00f6glichkeit, sich sowohl fachlich als auch pers\u00f6nlich zu entwickeln.\" - SIBE","robots":{"index":"noindex","follow":"follow","max-snippet":"max-snippet:-1","max-image-preview":"max-image-preview:large","max-video-preview":"max-video-preview:-1"},"og_locale":"en_US","og_type":"article","og_title":"\"Der Mix aus Theorie und Praxis gibt einem die M\u00f6glichkeit, sich sowohl fachlich als auch pers\u00f6nlich zu entwickeln.\"","og_description":"Im Gespr\u00e4ch mit SIBE-Student Kjell Wohlenberg - Projektgebendes Unternehmen w\u00e4hrend des Studiums: Carl Zeiss Meditec AG, Programm: M.Sc. in International Management","og_url":"https:\/\/new.steinbeis-sibe.de\/en\/erfahrungsbericht\/der-mix-aus-theorie-und-praxis-gibt-einem-die-moglichkeit-sich-sowohl-fachlich-als-auch-personlich-zu-entwickeln\/","og_site_name":"SIBE","article_modified_time":"2026-09-03T11:13:41+00:00","twitter_card":"summary_large_image","schema":{"@context":"https:\/\/schema.org","@graph":[{"@type":"WebPage","@id":"https:\/\/new.steinbeis-sibe.de\/erfahrungsbericht\/der-mix-aus-theorie-und-praxis-gibt-einem-die-moglichkeit-sich-sowohl-fachlich-als-auch-personlich-zu-entwickeln\/","url":"https:\/\/new.steinbeis-sibe.de\/erfahrungsbericht\/der-mix-aus-theorie-und-praxis-gibt-einem-die-moglichkeit-sich-sowohl-fachlich-als-auch-personlich-zu-entwickeln\/","name":"\"Der Mix aus Theorie und Praxis gibt einem die M\u00f6glichkeit, sich sowohl fachlich als auch pers\u00f6nlich zu entwickeln.\" - SIBE","isPartOf":{"@id":"https:\/\/new.steinbeis-sibe.de\/#website"},"datePublished":"2026-05-29T11:39:33+00:00","dateModified":"2026-09-03T11:13:41+00:00","breadcrumb":{"@id":"https:\/\/new.steinbeis-sibe.de\/erfahrungsbericht\/der-mix-aus-theorie-und-praxis-gibt-einem-die-moglichkeit-sich-sowohl-fachlich-als-auch-personlich-zu-entwickeln\/#breadcrumb"},"inLanguage":"en-US","potentialAction":[{"@type":"ReadAction","target":["https:\/\/new.steinbeis-sibe.de\/erfahrungsbericht\/der-mix-aus-theorie-und-praxis-gibt-einem-die-moglichkeit-sich-sowohl-fachlich-als-auch-personlich-zu-entwickeln\/"]}]},{"@type":"BreadcrumbList","@id":"https:\/\/new.steinbeis-sibe.de\/erfahrungsbericht\/der-mix-aus-theorie-und-praxis-gibt-einem-die-moglichkeit-sich-sowohl-fachlich-als-auch-personlich-zu-entwickeln\/#breadcrumb","itemListElement":[{"@type":"ListItem","position":1,"name":"Home","item":"https:\/\/new.steinbeis-sibe.de\/"},{"@type":"ListItem","position":2,"name":"&#8222;Der Mix aus Theorie und Praxis gibt einem die M\u00f6glichkeit, sich sowohl fachlich als auch pers\u00f6nlich zu entwickeln.&#8220;"}]},{"@type":"WebSite","@id":"https:\/\/new.steinbeis-sibe.de\/#website","url":"https:\/\/new.steinbeis-sibe.de\/","name":"SIBE Website","description":"","publisher":{"@id":"https:\/\/new.steinbeis-sibe.de\/#organization"},"potentialAction":[{"@type":"SearchAction","target":{"@type":"EntryPoint","urlTemplate":"https:\/\/new.steinbeis-sibe.de\/?s={search_term_string}"},"query-input":{"@type":"PropertyValueSpecification","valueRequired":true,"valueName":"search_term_string"}}],"inLanguage":"en-US"},{"@type":"Organization","@id":"https:\/\/new.steinbeis-sibe.de\/#organization","name":"SIBE GmbH","url":"https:\/\/new.steinbeis-sibe.de\/","logo":{"@type":"ImageObject","inLanguage":"en-US","@id":"https:\/\/new.steinbeis-sibe.de\/#\/schema\/logo\/image\/","url":"https:\/\/new.steinbeis-sibe.de\/wp-content\/uploads\/2026\/03\/SIBE_Verbundlogo_2019_schwarz.webp","contentUrl":"https:\/\/new.steinbeis-sibe.de\/wp-content\/uploads\/2026\/03\/SIBE_Verbundlogo_2019_schwarz.webp","width":1163,"height":243,"caption":"SIBE GmbH"},"image":{"@id":"https:\/\/new.steinbeis-sibe.de\/#\/schema\/logo\/image\/"}}]}},"_links":{"self":[{"href":"https:\/\/new.steinbeis-sibe.de\/en\/wp-json\/wp\/v2\/erfahrungsbericht\/2096","targetHints":{"allow":["GET"]}}],"collection":[{"href":"https:\/\/new.steinbeis-sibe.de\/en\/wp-json\/wp\/v2\/erfahrungsbericht"}],"about":[{"href":"https:\/\/new.steinbeis-sibe.de\/en\/wp-json\/wp\/v2\/types\/erfahrungsbericht"}],"author":[{"embeddable":true,"href":"https:\/\/new.steinbeis-sibe.de\/en\/wp-json\/wp\/v2\/users\/3"}],"wp:attachment":[{"href":"https:\/\/new.steinbeis-sibe.de\/en\/wp-json\/wp\/v2\/media?parent=2096"}],"wp:term":[{"taxonomy":"categorie","embeddable":true,"href":"https:\/\/new.steinbeis-sibe.de\/en\/wp-json\/wp\/v2\/categorie?post=2096"}],"curies":[{"name":"wp","href":"https:\/\/api.w.org\/{rel}","templated":true}]}}