{"id":4785,"date":"2026-07-22T10:45:41","date_gmt":"2026-07-22T09:45:41","guid":{"rendered":"https:\/\/new.steinbeis-sibe.de\/?post_type=publikation&#038;p=4785"},"modified":"2026-08-11T10:06:40","modified_gmt":"2026-08-11T09:06:40","slug":"fuhrung-personlichkeit-und-bildung","status":"publish","type":"publikation","link":"https:\/\/new.steinbeis-sibe.de\/en\/publikation\/fuhrung-personlichkeit-und-bildung\/","title":{"rendered":"F\u00fchrung, Pers\u00f6nlichkeit und Bildung"},"content":{"rendered":"","protected":false},"featured_media":4482,"template":"","meta":{"_acf_changed":true,"site-sidebar-layout":"default","site-content-layout":"","ast-site-content-layout":"default","site-content-style":"default","site-sidebar-style":"default","ast-global-header-display":"","ast-banner-title-visibility":"","ast-main-header-display":"","ast-hfb-above-header-display":"","ast-hfb-below-header-display":"","ast-hfb-mobile-header-display":"","site-post-title":"","ast-breadcrumbs-content":"","ast-featured-img":"","footer-sml-layout":"","ast-disable-related-posts":"","theme-transparent-header-meta":"","adv-header-id-meta":"","stick-header-meta":"","header-above-stick-meta":"","header-main-stick-meta":"","header-below-stick-meta":"","astra-migrate-meta-layouts":"set","ast-page-background-enabled":"default","ast-page-background-meta":{"desktop":{"background-color":"","background-image":"","background-repeat":"repeat","background-position":"center center","background-size":"auto","background-attachment":"scroll","background-type":"","background-media":"","overlay-type":"","overlay-color":"","overlay-opacity":"","overlay-gradient":""},"tablet":{"background-color":"","background-image":"","background-repeat":"repeat","background-position":"center center","background-size":"auto","background-attachment":"scroll","background-type":"","background-media":"","overlay-type":"","overlay-color":"","overlay-opacity":"","overlay-gradient":""},"mobile":{"background-color":"","background-image":"","background-repeat":"repeat","background-position":"center center","background-size":"auto","background-attachment":"scroll","background-type":"","background-media":"","overlay-type":"","overlay-color":"","overlay-opacity":"","overlay-gradient":""}},"ast-content-background-meta":{"desktop":{"background-color":"var(--ast-global-color-4)","background-image":"","background-repeat":"repeat","background-position":"center center","background-size":"auto","background-attachment":"scroll","background-type":"","background-media":"","overlay-type":"","overlay-color":"","overlay-opacity":"","overlay-gradient":""},"tablet":{"background-color":"var(--ast-global-color-4)","background-image":"","background-repeat":"repeat","background-position":"center center","background-size":"auto","background-attachment":"scroll","background-type":"","background-media":"","overlay-type":"","overlay-color":"","overlay-opacity":"","overlay-gradient":""},"mobile":{"background-color":"var(--ast-global-color-4)","background-image":"","background-repeat":"repeat","background-position":"center center","background-size":"auto","background-attachment":"scroll","background-type":"","background-media":"","overlay-type":"","overlay-color":"","overlay-opacity":"","overlay-gradient":""}}},"class_list":["post-4785","publikation","type-publikation","status-publish","has-post-thumbnail","hentry"],"acf":[],"yoast_head":"<!-- This site is optimized with the Yoast SEO Premium plugin v28.4 (Yoast SEO v28.4) - https:\/\/yoast.com\/product\/yoast-seo-premium-wordpress\/ -->\n<title>F\u00fchrung, Pers\u00f6nlichkeit und Bildung - SIBE<\/title>\n<meta name=\"robots\" content=\"noindex, follow, max-snippet:-1, max-image-preview:large, max-video-preview:-1\" \/>\n<meta property=\"og:locale\" content=\"en_US\" \/>\n<meta property=\"og:type\" content=\"article\" \/>\n<meta property=\"og:title\" content=\"F\u00fchrung, Pers\u00f6nlichkeit und Bildung\" \/>\n<meta property=\"og:description\" content=\"In Zeiten tiefgreifenden Wandels steht die Weltgemeinschaft vor vielen ungekl\u00e4rten Fragen. Klassisches Management bietet in den aktuellen Ver\u00e4nderungsprozessen keine zukunftsorientierten L\u00f6sungen. F\u00fcr die Bew\u00e4ltigung gesamtgesellschaftlicher Herausforderungen ist Leadership durch sch\u00f6pferische Pers\u00f6nlichkeiten erforderlich; Pers\u00f6nlichkeiten, die kraft \u2026\" \/>\n<meta property=\"og:url\" content=\"https:\/\/new.steinbeis-sibe.de\/en\/publikation\/fuhrung-personlichkeit-und-bildung\/\" \/>\n<meta property=\"og:site_name\" content=\"SIBE\" \/>\n<meta property=\"article:modified_time\" content=\"2026-08-11T09:06:40+00:00\" \/>\n<meta property=\"og:image\" content=\"https:\/\/new.steinbeis-sibe.de\/wp-content\/uploads\/2026\/07\/Fuehrung-Persoenlichkeit-und-Bildung_550_800.webp\" \/>\n\t<meta property=\"og:image:width\" content=\"600\" \/>\n\t<meta property=\"og:image:height\" content=\"872\" \/>\n\t<meta property=\"og:image:type\" content=\"image\/webp\" \/>\n<meta name=\"twitter:card\" content=\"summary_large_image\" \/>\n<meta name=\"twitter:label1\" content=\"Est. reading time\" \/>\n\t<meta name=\"twitter:data1\" content=\"1 minute\" \/>\n<script type=\"application\/ld+json\" class=\"yoast-schema-graph\">{\"@context\":\"https:\\\/\\\/schema.org\",\"@graph\":[{\"@type\":\"WebPage\",\"@id\":\"https:\\\/\\\/new.steinbeis-sibe.de\\\/publikation\\\/fuhrung-personlichkeit-und-bildung\\\/\",\"url\":\"https:\\\/\\\/new.steinbeis-sibe.de\\\/publikation\\\/fuhrung-personlichkeit-und-bildung\\\/\",\"name\":\"F\u00fchrung, Pers\u00f6nlichkeit und Bildung - SIBE\",\"isPartOf\":{\"@id\":\"https:\\\/\\\/new.steinbeis-sibe.de\\\/#website\"},\"primaryImageOfPage\":{\"@id\":\"https:\\\/\\\/new.steinbeis-sibe.de\\\/publikation\\\/fuhrung-personlichkeit-und-bildung\\\/#primaryimage\"},\"image\":{\"@id\":\"https:\\\/\\\/new.steinbeis-sibe.de\\\/publikation\\\/fuhrung-personlichkeit-und-bildung\\\/#primaryimage\"},\"thumbnailUrl\":\"https:\\\/\\\/new.steinbeis-sibe.de\\\/wp-content\\\/uploads\\\/2026\\\/07\\\/Fuehrung-Persoenlichkeit-und-Bildung_550_800.webp\",\"datePublished\":\"2026-07-22T09:45:41+00:00\",\"dateModified\":\"2026-08-11T09:06:40+00:00\",\"breadcrumb\":{\"@id\":\"https:\\\/\\\/new.steinbeis-sibe.de\\\/publikation\\\/fuhrung-personlichkeit-und-bildung\\\/#breadcrumb\"},\"inLanguage\":\"en-US\",\"potentialAction\":[{\"@type\":\"ReadAction\",\"target\":[\"https:\\\/\\\/new.steinbeis-sibe.de\\\/publikation\\\/fuhrung-personlichkeit-und-bildung\\\/\"]}]},{\"@type\":\"ImageObject\",\"inLanguage\":\"en-US\",\"@id\":\"https:\\\/\\\/new.steinbeis-sibe.de\\\/publikation\\\/fuhrung-personlichkeit-und-bildung\\\/#primaryimage\",\"url\":\"https:\\\/\\\/new.steinbeis-sibe.de\\\/wp-content\\\/uploads\\\/2026\\\/07\\\/Fuehrung-Persoenlichkeit-und-Bildung_550_800.webp\",\"contentUrl\":\"https:\\\/\\\/new.steinbeis-sibe.de\\\/wp-content\\\/uploads\\\/2026\\\/07\\\/Fuehrung-Persoenlichkeit-und-Bildung_550_800.webp\",\"width\":600,\"height\":872},{\"@type\":\"BreadcrumbList\",\"@id\":\"https:\\\/\\\/new.steinbeis-sibe.de\\\/publikation\\\/fuhrung-personlichkeit-und-bildung\\\/#breadcrumb\",\"itemListElement\":[{\"@type\":\"ListItem\",\"position\":1,\"name\":\"Home\",\"item\":\"https:\\\/\\\/new.steinbeis-sibe.de\\\/\"},{\"@type\":\"ListItem\",\"position\":2,\"name\":\"F\u00fchrung, Pers\u00f6nlichkeit und Bildung\"}]},{\"@type\":\"WebSite\",\"@id\":\"https:\\\/\\\/new.steinbeis-sibe.de\\\/#website\",\"url\":\"https:\\\/\\\/new.steinbeis-sibe.de\\\/\",\"name\":\"SIBE Website\",\"description\":\"\",\"publisher\":{\"@id\":\"https:\\\/\\\/new.steinbeis-sibe.de\\\/#organization\"},\"potentialAction\":[{\"@type\":\"SearchAction\",\"target\":{\"@type\":\"EntryPoint\",\"urlTemplate\":\"https:\\\/\\\/new.steinbeis-sibe.de\\\/?s={search_term_string}\"},\"query-input\":{\"@type\":\"PropertyValueSpecification\",\"valueRequired\":true,\"valueName\":\"search_term_string\"}}],\"inLanguage\":\"en-US\"},{\"@type\":\"Organization\",\"@id\":\"https:\\\/\\\/new.steinbeis-sibe.de\\\/#organization\",\"name\":\"SIBE GmbH\",\"url\":\"https:\\\/\\\/new.steinbeis-sibe.de\\\/\",\"logo\":{\"@type\":\"ImageObject\",\"inLanguage\":\"en-US\",\"@id\":\"https:\\\/\\\/new.steinbeis-sibe.de\\\/#\\\/schema\\\/logo\\\/image\\\/\",\"url\":\"https:\\\/\\\/new.steinbeis-sibe.de\\\/wp-content\\\/uploads\\\/2026\\\/03\\\/SIBE_Verbundlogo_2019_schwarz.webp\",\"contentUrl\":\"https:\\\/\\\/new.steinbeis-sibe.de\\\/wp-content\\\/uploads\\\/2026\\\/03\\\/SIBE_Verbundlogo_2019_schwarz.webp\",\"width\":1163,\"height\":243,\"caption\":\"SIBE GmbH\"},\"image\":{\"@id\":\"https:\\\/\\\/new.steinbeis-sibe.de\\\/#\\\/schema\\\/logo\\\/image\\\/\"}}]}<\/script>\n<!-- \/ Yoast SEO Premium plugin. -->","yoast_head_json":{"title":"F\u00fchrung, Pers\u00f6nlichkeit und Bildung - SIBE","robots":{"index":"noindex","follow":"follow","max-snippet":"max-snippet:-1","max-image-preview":"max-image-preview:large","max-video-preview":"max-video-preview:-1"},"og_locale":"en_US","og_type":"article","og_title":"F\u00fchrung, Pers\u00f6nlichkeit und Bildung","og_description":"In Zeiten tiefgreifenden Wandels steht die Weltgemeinschaft vor vielen ungekl\u00e4rten Fragen. Klassisches Management bietet in den aktuellen Ver\u00e4nderungsprozessen keine zukunftsorientierten L\u00f6sungen. F\u00fcr die Bew\u00e4ltigung gesamtgesellschaftlicher Herausforderungen ist Leadership durch sch\u00f6pferische Pers\u00f6nlichkeiten erforderlich; Pers\u00f6nlichkeiten, die kraft \u2026","og_url":"https:\/\/new.steinbeis-sibe.de\/en\/publikation\/fuhrung-personlichkeit-und-bildung\/","og_site_name":"SIBE","article_modified_time":"2026-08-11T09:06:40+00:00","og_image":[{"width":600,"height":872,"url":"https:\/\/new.steinbeis-sibe.de\/wp-content\/uploads\/2026\/07\/Fuehrung-Persoenlichkeit-und-Bildung_550_800.webp","type":"image\/webp"}],"twitter_card":"summary_large_image","twitter_misc":{"Est. reading time":"1 minute"},"schema":{"@context":"https:\/\/schema.org","@graph":[{"@type":"WebPage","@id":"https:\/\/new.steinbeis-sibe.de\/publikation\/fuhrung-personlichkeit-und-bildung\/","url":"https:\/\/new.steinbeis-sibe.de\/publikation\/fuhrung-personlichkeit-und-bildung\/","name":"F\u00fchrung, Pers\u00f6nlichkeit und Bildung - SIBE","isPartOf":{"@id":"https:\/\/new.steinbeis-sibe.de\/#website"},"primaryImageOfPage":{"@id":"https:\/\/new.steinbeis-sibe.de\/publikation\/fuhrung-personlichkeit-und-bildung\/#primaryimage"},"image":{"@id":"https:\/\/new.steinbeis-sibe.de\/publikation\/fuhrung-personlichkeit-und-bildung\/#primaryimage"},"thumbnailUrl":"https:\/\/new.steinbeis-sibe.de\/wp-content\/uploads\/2026\/07\/Fuehrung-Persoenlichkeit-und-Bildung_550_800.webp","datePublished":"2026-07-22T09:45:41+00:00","dateModified":"2026-08-11T09:06:40+00:00","breadcrumb":{"@id":"https:\/\/new.steinbeis-sibe.de\/publikation\/fuhrung-personlichkeit-und-bildung\/#breadcrumb"},"inLanguage":"en-US","potentialAction":[{"@type":"ReadAction","target":["https:\/\/new.steinbeis-sibe.de\/publikation\/fuhrung-personlichkeit-und-bildung\/"]}]},{"@type":"ImageObject","inLanguage":"en-US","@id":"https:\/\/new.steinbeis-sibe.de\/publikation\/fuhrung-personlichkeit-und-bildung\/#primaryimage","url":"https:\/\/new.steinbeis-sibe.de\/wp-content\/uploads\/2026\/07\/Fuehrung-Persoenlichkeit-und-Bildung_550_800.webp","contentUrl":"https:\/\/new.steinbeis-sibe.de\/wp-content\/uploads\/2026\/07\/Fuehrung-Persoenlichkeit-und-Bildung_550_800.webp","width":600,"height":872},{"@type":"BreadcrumbList","@id":"https:\/\/new.steinbeis-sibe.de\/publikation\/fuhrung-personlichkeit-und-bildung\/#breadcrumb","itemListElement":[{"@type":"ListItem","position":1,"name":"Home","item":"https:\/\/new.steinbeis-sibe.de\/"},{"@type":"ListItem","position":2,"name":"F\u00fchrung, Pers\u00f6nlichkeit und Bildung"}]},{"@type":"WebSite","@id":"https:\/\/new.steinbeis-sibe.de\/#website","url":"https:\/\/new.steinbeis-sibe.de\/","name":"SIBE Website","description":"","publisher":{"@id":"https:\/\/new.steinbeis-sibe.de\/#organization"},"potentialAction":[{"@type":"SearchAction","target":{"@type":"EntryPoint","urlTemplate":"https:\/\/new.steinbeis-sibe.de\/?s={search_term_string}"},"query-input":{"@type":"PropertyValueSpecification","valueRequired":true,"valueName":"search_term_string"}}],"inLanguage":"en-US"},{"@type":"Organization","@id":"https:\/\/new.steinbeis-sibe.de\/#organization","name":"SIBE GmbH","url":"https:\/\/new.steinbeis-sibe.de\/","logo":{"@type":"ImageObject","inLanguage":"en-US","@id":"https:\/\/new.steinbeis-sibe.de\/#\/schema\/logo\/image\/","url":"https:\/\/new.steinbeis-sibe.de\/wp-content\/uploads\/2026\/03\/SIBE_Verbundlogo_2019_schwarz.webp","contentUrl":"https:\/\/new.steinbeis-sibe.de\/wp-content\/uploads\/2026\/03\/SIBE_Verbundlogo_2019_schwarz.webp","width":1163,"height":243,"caption":"SIBE GmbH"},"image":{"@id":"https:\/\/new.steinbeis-sibe.de\/#\/schema\/logo\/image\/"}}]}},"_links":{"self":[{"href":"https:\/\/new.steinbeis-sibe.de\/en\/wp-json\/wp\/v2\/publikation\/4785","targetHints":{"allow":["GET"]}}],"collection":[{"href":"https:\/\/new.steinbeis-sibe.de\/en\/wp-json\/wp\/v2\/publikation"}],"about":[{"href":"https:\/\/new.steinbeis-sibe.de\/en\/wp-json\/wp\/v2\/types\/publikation"}],"wp:featuredmedia":[{"embeddable":true,"href":"https:\/\/new.steinbeis-sibe.de\/en\/wp-json\/wp\/v2\/media\/4482"}],"wp:attachment":[{"href":"https:\/\/new.steinbeis-sibe.de\/en\/wp-json\/wp\/v2\/media?parent=4785"}],"curies":[{"name":"wp","href":"https:\/\/api.w.org\/{rel}","templated":true}]}}